{"id":4940,"date":"2005-09-29T00:45:23","date_gmt":"2005-09-28T22:45:23","guid":{"rendered":"http:\/\/arteeluoghi.it\/?page_id=4940"},"modified":"2026-01-27T21:57:48","modified_gmt":"2026-01-27T20:57:48","slug":"il-progetto-chi-siamo","status":"publish","type":"page","link":"https:\/\/arteeluoghi.it\/index.php\/il-progetto-chi-siamo\/","title":{"rendered":"Il Progetto | Chi siamo"},"content":{"rendered":"<p><img loading=\"lazy\" class=\"alignnone size-medium wp-image-2609\" src=\"https:\/\/arteeluoghi.it\/wp-content\/uploads\/2017\/08\/arte-e-luoghi-logogrigio-1-e1501955777507-300x173.png\" alt=\"\" width=\"300\" height=\"173\" srcset=\"https:\/\/arteeluoghi.it\/wp-content\/uploads\/2017\/08\/arte-e-luoghi-logogrigio-1-e1501955777507-300x173.png 300w, https:\/\/arteeluoghi.it\/wp-content\/uploads\/2017\/08\/arte-e-luoghi-logogrigio-1-e1501955777507.png 305w\" sizes=\"(max-width: 300px) 100vw, 300px\" \/>ArteeLuoghi. Una sola parola per evidenziare una doppia implicazione: i luoghi dell&#8217;arte e l&#8217;arte nei luoghi. E in questa complicata corrispondenza il cuore di un progetto. Ambizioso, probabilmente. Ma l&#8217;ambizione \u00e8 il sale della ricerca e ArteeLuoghi vuole essere una ricerca per ri-scoprire da un lato quei segni con i quali la natura scrive il suo vocabolario, dall&#8217;altro quelli con cui l&#8217;Uomo, s<span class=\"text_exposed_show\">in dagli albori, costruisce la sua identit\u00e0, la sua storia. Ogni itinerario ha un punto di partenza, per noi di ArteeLuoghi \u00e8 s\u00ec il Salento ma intendiamo approdare in ogni angolo di questo nostro Paese cos\u00ec unico per osservare, incontrare, documentare. Fare tesoro delle esperienze e lasciarle in dono agli altri perch\u00e9 la vita va vissuto come continuo dono di s\u00e9. Come riescono a fare gli artisti. E&#8217; questo in fondo che li rende speciali. Continuano a parlare con le loro opere, che siano scritti, sculture, dipinti, spartiti musicali o copioni teatrali&#8230;e in fondo basta solo mettersi in ascolto e aver voglia di comunicare per entraer in sintonia con larte e con il mondo.<\/span><\/p>\n<p>Ed ecco le direttrici di ArteeLuoghi: un viaggio, su due binari paralleli per indagare i luoghi dell&#8217;Arte &#8211; attraversando i suoi poliedrici linguaggi &#8211; e l&#8217;Arte nei Luoghi &#8211; paesaggi fisici e metafisici entro i quali \u00e8 possibile rintracciare il complesso rapporto Natura\/Uomo, contenitore\/contenuto, naturale\/artificiale, intendendo con artificiale i segni di un&#8217;antropizzazione sempre straordinaria. Nel bene e nel male. Dalla realt\u00e0 all&#8217;interiorit\u00e0 il tramite \u00e8 sempre l&#8217;Arte e al centro ritroviamo l&#8217;Uomo. L&#8217;Uomo che solo grazie all&#8217;Arte pu\u00f2 riuscire a guardare e a guardarsi con occhi nuovi. E ritrovarsi.<\/p>\n<p><strong>Antonietta Fulvio<\/strong><br \/>\nFondatore e direttore responsabile<br \/>\nIscritta al n. 905 del Registro della Stampa del Tribunale di Lecce il 29 Settembre 2005<\/p>\n<div class=\"\"><span class=\"\" style=\"font-family: verdana, geneva;\"><span class=\"\" style=\"font-family: verdana, geneva;\"><span class=\"\">Arte e Luoghi \u00e8 una rivista di informazione culturale che non riceve contributi n\u00e9 statali n\u00e9 privati. Si tratta di un progetto editoriale condiviso da chi aderisce alla missione di Arte e Luoghi: Divulgare arte e\u00a0 bellezza raccontandola, svelandola per contagiare con la forza positiva delle buone notizie (che sembrano non fare pi\u00f9 notizia&#8230;) Noi di Arte e Luoghi ci crediamo come crediamo nella potenza dell&#8217;art. 21 della nostra bellissima Costituzione:<\/span><\/span><\/span><em style=\"font-size: inherit;\"><strong>Tutti hanno diritto di manifestare liberamente il proprio pensiero con la parola, lo scritto e ogni altro mezzo di diffusione. La stampa non pu\u00f2 essere soggetta ad autorizzazioni o censure.<\/strong><\/em><\/div>\n<div><\/div>\n<div>E noi crediamo che la cultura e la conoscenza debbano essere libere e accessibili a tutti.<\/div>\n<div><\/div>\n<div class=\"\"><em>Per segnalare eventuali errori nell\u2019uso di materiale riservato, scriveteci e provvederemo tempestivamente alla rimozione del materiale lesivo dei diritti di terzi. <\/em><em>L\u2019intero contenuto di questo sito web \u00e8 protetto da copyright.<\/em><\/div>\n<div><\/div>\n<div><\/div>\n<div><\/div>\n<div><\/div>\n<blockquote>\n<div class=\"entry-content single56__post_content single56__content page56__content single56__body_area\">\n<p class=\"has-small-font-size\">COPYRIGHT. Per alcune immagini presenti su questo sito non \u00e8 stato possibile identificare l\u2019autore giacch\u00e9 materiale provenienti da uffici stampa. Qualora si possedesse la propriet\u00e0 intellettuale di qualche immagine, si prega di contattare info@ arteeluoghi.it affinch\u00e9 la stessa venga prontamente eliminata.<\/p>\n<\/div>\n<\/blockquote>\n<blockquote><p><em><strong>Divulgare la bellezza raccontandola, svelandola per contagiare con la forza positiva delle buone notizie che sembrano non fare pi\u00f9 notizia&#8230; Questa \u00e8 la nostra filosofia. Noi di Arte e Luoghi ci crediamo. Le collaborazioni sono libere e a titolo gratuito<\/strong><\/em><\/p>\n<p>Redazione<br \/>\nGiusy Petracca, Sara Di Caprio, Antonietta Fulvio, Raffaele Polo<\/p>\n<p>Collaboratori<br \/>\nStefano Camb\u00f2, Mario Cazzato, Dario Ferreri, Sara Foti Sciavaliere,\u00a0 Fabrizio Mariano, Federica Murgia, Raffaele Polo<\/p><\/blockquote>\n","protected":false},"excerpt":{"rendered":"<p>ArteeLuoghi. Una sola parola per evidenziare una doppia implicazione: i luoghi dell&#8217;arte e l&#8217;arte nei luoghi. E in questa complicata<\/p>\n","protected":false},"author":1,"featured_media":0,"parent":0,"menu_order":0,"comment_status":"closed","ping_status":"closed","template":"","meta":[],"yoast_head":"<!-- This site is optimized with the Yoast SEO plugin v18.0 - https:\/\/yoast.com\/wordpress\/plugins\/seo\/ -->\n<title>Il Progetto | Chi siamo | Arte e Luoghi<\/title>\n<meta name=\"robots\" content=\"index, follow, max-snippet:-1, max-image-preview:large, max-video-preview:-1\" \/>\n<link rel=\"canonical\" href=\"https:\/\/arteeluoghi.it\/index.php\/il-progetto-chi-siamo\/\" \/>\n<meta property=\"og:locale\" content=\"it_IT\" \/>\n<meta property=\"og:type\" content=\"article\" \/>\n<meta property=\"og:title\" content=\"Il Progetto | Chi siamo | Arte e Luoghi\" \/>\n<meta property=\"og:description\" content=\"ArteeLuoghi. Una sola parola per evidenziare una doppia implicazione: i luoghi dell&#8217;arte e l&#8217;arte nei luoghi. E in questa complicata\" \/>\n<meta property=\"og:url\" content=\"https:\/\/arteeluoghi.it\/index.php\/il-progetto-chi-siamo\/\" \/>\n<meta property=\"og:site_name\" content=\"Arte e Luoghi\" \/>\n<meta property=\"article:publisher\" content=\"https:\/\/www.facebook.com\/ArteELuoghi\/\" \/>\n<meta property=\"article:modified_time\" content=\"2026-01-27T20:57:48+00:00\" \/>\n<meta property=\"og:image\" content=\"http:\/\/arteeluoghi.it\/wp-content\/uploads\/2017\/08\/arte-e-luoghi-logogrigio-1-e1501955777507-300x173.png\" \/>\n<meta name=\"twitter:card\" content=\"summary\" \/>\n<meta name=\"twitter:site\" content=\"@arteeluoghi\" \/>\n<meta name=\"twitter:label1\" content=\"Tempo di lettura stimato\" \/>\n\t<meta name=\"twitter:data1\" content=\"4 minuti\" \/>\n<script type=\"application\/ld+json\" class=\"yoast-schema-graph\">{\"@context\":\"https:\/\/schema.org\",\"@graph\":[{\"@type\":\"Organization\",\"@id\":\"https:\/\/arteeluoghi.it\/#organization\",\"name\":\"Arte e Luoghi\",\"url\":\"https:\/\/arteeluoghi.it\/\",\"sameAs\":[\"https:\/\/www.facebook.com\/ArteELuoghi\/\",\"https:\/\/www.instagram.com\/arteeluoghi\/?hl=it\",\"https:\/\/www.youtube.com\/channel\/UCuRVc4JW4-C5sg9rQB-srkw?view_as=subscriber\",\"https:\/\/twitter.com\/arteeluoghi\"],\"logo\":{\"@type\":\"ImageObject\",\"@id\":\"https:\/\/arteeluoghi.it\/#logo\",\"inLanguage\":\"it-IT\",\"url\":\"https:\/\/arteeluoghi.it\/wp-content\/uploads\/2018\/08\/logoinstagramarte.jpg\",\"contentUrl\":\"https:\/\/arteeluoghi.it\/wp-content\/uploads\/2018\/08\/logoinstagramarte.jpg\",\"width\":150,\"height\":150,\"caption\":\"Arte e Luoghi\"},\"image\":{\"@id\":\"https:\/\/arteeluoghi.it\/#logo\"}},{\"@type\":\"WebSite\",\"@id\":\"https:\/\/arteeluoghi.it\/#website\",\"url\":\"https:\/\/arteeluoghi.it\/\",\"name\":\"Arte e Luoghi\",\"description\":\"Mensile di arte, cultura, turismo e curiosit\u00e0\",\"publisher\":{\"@id\":\"https:\/\/arteeluoghi.it\/#organization\"},\"potentialAction\":[{\"@type\":\"SearchAction\",\"target\":{\"@type\":\"EntryPoint\",\"urlTemplate\":\"https:\/\/arteeluoghi.it\/?s={search_term_string}\"},\"query-input\":\"required name=search_term_string\"}],\"inLanguage\":\"it-IT\"},{\"@type\":\"ImageObject\",\"@id\":\"https:\/\/arteeluoghi.it\/index.php\/il-progetto-chi-siamo\/#primaryimage\",\"inLanguage\":\"it-IT\",\"url\":\"http:\/\/arteeluoghi.it\/wp-content\/uploads\/2017\/08\/arte-e-luoghi-logogrigio-1-e1501955777507-300x173.png\",\"contentUrl\":\"http:\/\/arteeluoghi.it\/wp-content\/uploads\/2017\/08\/arte-e-luoghi-logogrigio-1-e1501955777507-300x173.png\"},{\"@type\":\"WebPage\",\"@id\":\"https:\/\/arteeluoghi.it\/index.php\/il-progetto-chi-siamo\/#webpage\",\"url\":\"https:\/\/arteeluoghi.it\/index.php\/il-progetto-chi-siamo\/\",\"name\":\"Il Progetto | Chi siamo | Arte e Luoghi\",\"isPartOf\":{\"@id\":\"https:\/\/arteeluoghi.it\/#website\"},\"primaryImageOfPage\":{\"@id\":\"https:\/\/arteeluoghi.it\/index.php\/il-progetto-chi-siamo\/#primaryimage\"},\"datePublished\":\"2005-09-28T22:45:23+00:00\",\"dateModified\":\"2026-01-27T20:57:48+00:00\",\"breadcrumb\":{\"@id\":\"https:\/\/arteeluoghi.it\/index.php\/il-progetto-chi-siamo\/#breadcrumb\"},\"inLanguage\":\"it-IT\",\"potentialAction\":[{\"@type\":\"ReadAction\",\"target\":[\"https:\/\/arteeluoghi.it\/index.php\/il-progetto-chi-siamo\/\"]}]},{\"@type\":\"BreadcrumbList\",\"@id\":\"https:\/\/arteeluoghi.it\/index.php\/il-progetto-chi-siamo\/#breadcrumb\",\"itemListElement\":[{\"@type\":\"ListItem\",\"position\":1,\"name\":\"Home\",\"item\":\"https:\/\/arteeluoghi.it\/\"},{\"@type\":\"ListItem\",\"position\":2,\"name\":\"Il Progetto | Chi siamo\"}]}]}<\/script>\n<!-- \/ Yoast SEO plugin. -->","yoast_head_json":{"title":"Il Progetto | Chi siamo | Arte e Luoghi","robots":{"index":"index","follow":"follow","max-snippet":"max-snippet:-1","max-image-preview":"max-image-preview:large","max-video-preview":"max-video-preview:-1"},"canonical":"https:\/\/arteeluoghi.it\/index.php\/il-progetto-chi-siamo\/","og_locale":"it_IT","og_type":"article","og_title":"Il Progetto | Chi siamo | Arte e Luoghi","og_description":"ArteeLuoghi. Una sola parola per evidenziare una doppia implicazione: i luoghi dell&#8217;arte e l&#8217;arte nei luoghi. E in questa complicata","og_url":"https:\/\/arteeluoghi.it\/index.php\/il-progetto-chi-siamo\/","og_site_name":"Arte e Luoghi","article_publisher":"https:\/\/www.facebook.com\/ArteELuoghi\/","article_modified_time":"2026-01-27T20:57:48+00:00","og_image":[{"url":"http:\/\/arteeluoghi.it\/wp-content\/uploads\/2017\/08\/arte-e-luoghi-logogrigio-1-e1501955777507-300x173.png"}],"twitter_card":"summary","twitter_site":"@arteeluoghi","twitter_misc":{"Tempo di lettura stimato":"4 minuti"},"schema":{"@context":"https:\/\/schema.org","@graph":[{"@type":"Organization","@id":"https:\/\/arteeluoghi.it\/#organization","name":"Arte e Luoghi","url":"https:\/\/arteeluoghi.it\/","sameAs":["https:\/\/www.facebook.com\/ArteELuoghi\/","https:\/\/www.instagram.com\/arteeluoghi\/?hl=it","https:\/\/www.youtube.com\/channel\/UCuRVc4JW4-C5sg9rQB-srkw?view_as=subscriber","https:\/\/twitter.com\/arteeluoghi"],"logo":{"@type":"ImageObject","@id":"https:\/\/arteeluoghi.it\/#logo","inLanguage":"it-IT","url":"https:\/\/arteeluoghi.it\/wp-content\/uploads\/2018\/08\/logoinstagramarte.jpg","contentUrl":"https:\/\/arteeluoghi.it\/wp-content\/uploads\/2018\/08\/logoinstagramarte.jpg","width":150,"height":150,"caption":"Arte e Luoghi"},"image":{"@id":"https:\/\/arteeluoghi.it\/#logo"}},{"@type":"WebSite","@id":"https:\/\/arteeluoghi.it\/#website","url":"https:\/\/arteeluoghi.it\/","name":"Arte e Luoghi","description":"Mensile di arte, cultura, turismo e curiosit\u00e0","publisher":{"@id":"https:\/\/arteeluoghi.it\/#organization"},"potentialAction":[{"@type":"SearchAction","target":{"@type":"EntryPoint","urlTemplate":"https:\/\/arteeluoghi.it\/?s={search_term_string}"},"query-input":"required name=search_term_string"}],"inLanguage":"it-IT"},{"@type":"ImageObject","@id":"https:\/\/arteeluoghi.it\/index.php\/il-progetto-chi-siamo\/#primaryimage","inLanguage":"it-IT","url":"http:\/\/arteeluoghi.it\/wp-content\/uploads\/2017\/08\/arte-e-luoghi-logogrigio-1-e1501955777507-300x173.png","contentUrl":"http:\/\/arteeluoghi.it\/wp-content\/uploads\/2017\/08\/arte-e-luoghi-logogrigio-1-e1501955777507-300x173.png"},{"@type":"WebPage","@id":"https:\/\/arteeluoghi.it\/index.php\/il-progetto-chi-siamo\/#webpage","url":"https:\/\/arteeluoghi.it\/index.php\/il-progetto-chi-siamo\/","name":"Il Progetto | Chi siamo | Arte e Luoghi","isPartOf":{"@id":"https:\/\/arteeluoghi.it\/#website"},"primaryImageOfPage":{"@id":"https:\/\/arteeluoghi.it\/index.php\/il-progetto-chi-siamo\/#primaryimage"},"datePublished":"2005-09-28T22:45:23+00:00","dateModified":"2026-01-27T20:57:48+00:00","breadcrumb":{"@id":"https:\/\/arteeluoghi.it\/index.php\/il-progetto-chi-siamo\/#breadcrumb"},"inLanguage":"it-IT","potentialAction":[{"@type":"ReadAction","target":["https:\/\/arteeluoghi.it\/index.php\/il-progetto-chi-siamo\/"]}]},{"@type":"BreadcrumbList","@id":"https:\/\/arteeluoghi.it\/index.php\/il-progetto-chi-siamo\/#breadcrumb","itemListElement":[{"@type":"ListItem","position":1,"name":"Home","item":"https:\/\/arteeluoghi.it\/"},{"@type":"ListItem","position":2,"name":"Il Progetto | Chi siamo"}]}]}},"_links":{"self":[{"href":"https:\/\/arteeluoghi.it\/index.php\/wp-json\/wp\/v2\/pages\/4940"}],"collection":[{"href":"https:\/\/arteeluoghi.it\/index.php\/wp-json\/wp\/v2\/pages"}],"about":[{"href":"https:\/\/arteeluoghi.it\/index.php\/wp-json\/wp\/v2\/types\/page"}],"author":[{"embeddable":true,"href":"https:\/\/arteeluoghi.it\/index.php\/wp-json\/wp\/v2\/users\/1"}],"replies":[{"embeddable":true,"href":"https:\/\/arteeluoghi.it\/index.php\/wp-json\/wp\/v2\/comments?post=4940"}],"version-history":[{"count":6,"href":"https:\/\/arteeluoghi.it\/index.php\/wp-json\/wp\/v2\/pages\/4940\/revisions"}],"predecessor-version":[{"id":16711,"href":"https:\/\/arteeluoghi.it\/index.php\/wp-json\/wp\/v2\/pages\/4940\/revisions\/16711"}],"wp:attachment":[{"href":"https:\/\/arteeluoghi.it\/index.php\/wp-json\/wp\/v2\/media?parent=4940"}],"curies":[{"name":"wp","href":"https:\/\/api.w.org\/{rel}","templated":true}]}}